{"id":23,"date":"2019-07-03T17:24:41","date_gmt":"2019-07-03T15:24:41","guid":{"rendered":"http:\/\/ascepl.fr\/wordpress\/?page_id=23"},"modified":"2025-07-22T23:58:17","modified_gmt":"2025-07-22T21:58:17","slug":"karate","status":"publish","type":"page","link":"https:\/\/ascepl.fr\/wordpress\/karate\/","title":{"rendered":"KARAT\u00c9"},"content":{"rendered":"\n<figure class=\"wp-block-image size-large is-resized\"><img loading=\"lazy\" decoding=\"async\" src=\"http:\/\/ascepl.fr\/wordpress\/wp-content\/uploads\/2019\/07\/martial-art-311021_1280-705x1024.png\" alt=\"\" class=\"wp-image-173\" width=\"79\" height=\"114\" srcset=\"https:\/\/ascepl.fr\/wordpress\/wp-content\/uploads\/2019\/07\/martial-art-311021_1280-705x1024.png 705w, https:\/\/ascepl.fr\/wordpress\/wp-content\/uploads\/2019\/07\/martial-art-311021_1280-206x300.png 206w, https:\/\/ascepl.fr\/wordpress\/wp-content\/uploads\/2019\/07\/martial-art-311021_1280-768x1116.png 768w, https:\/\/ascepl.fr\/wordpress\/wp-content\/uploads\/2019\/07\/martial-art-311021_1280.png 881w\" sizes=\"auto, (max-width: 79px) 100vw, 79px\" \/><\/figure>\n\n\n\n<h4 class=\"has-text-align-center wp-block-heading\">SAISON 2025-2026<\/h4>\n\n\n\n<p class=\"has-text-align-center\"><strong>Reprise des cours Adultes le mercredi 03 septembre<\/strong><\/p>\n\n\n\n<p class=\"has-text-align-center\"><strong>Reprise des cours Jeunes le mercredi 10 septembre<\/strong><\/p>\n\n\n\n<h4 class=\"wp-block-heading\">LIEU DE PRATIQUE <\/h4>\n\n\n\n<p class=\"has-text-align-left\">GYMNASE LEPIC \/ DURANTIN 45, RUE DURANTIN 75018 PARIS <\/p>\n\n\n\n<h4 class=\"wp-block-heading\"><strong><meta charset=\"utf-8\"><strong>PROFESSEURS<\/strong><\/strong> dipl\u00f4m\u00e9s d&rsquo;Etat<\/h4>\n\n\n\n<p> M. Claude HARMANT &#8211;&nbsp; DESJEPS &#8211; &nbsp;06 07 31 05 34 &nbsp;<a href=\"mailto:claudeharmant@orange.fr\">claudeharmant@orange.fr<\/a><\/p>\n\n\n\n<p> M. Ludovic PATOU &#8211; BPJEPS<\/p>\n\n\n\n<h4 class=\"wp-block-heading\"><strong>JOURS ET HEURES D\u2019ENTRA\u00ceNEMENT<\/strong><\/h4>\n\n\n\n<ul class=\"wp-block-list\"><li>Mercredi&nbsp;&nbsp;16h15 17h15 (enfants de + de 6 ans \u00e0 10 ans)<\/li><\/ul>\n\n\n\n<ul class=\"wp-block-list\"><li>Mercredi 17h30-18h45 (adolescents de 11 \u00e0 13 ans)<\/li><\/ul>\n\n\n\n<ul class=\"wp-block-list\"><li>Mercredi 19h &#8211; 20h15 (\u00e0 partir de 14 ans et +)<\/li><\/ul>\n\n\n\n<ul class=\"wp-block-list\"><li>Jeudi&nbsp;&nbsp;20h00 \u2013 21h00 (adultes et ados entrainement niveaux avanc\u00e9s)<\/li><\/ul>\n\n\n\n<ul class=\"wp-block-list\"><li>Samedi&nbsp;&nbsp;14h15 \u2013 15h15 (adultes et ados)<\/li><\/ul>\n\n\n\n<ul class=\"wp-block-list\"><li>Samedi  15h30 -16h15 (adultes entrainement niveaux avanc\u00e9s)<meta charset=\"utf-8\"><\/li><\/ul>\n\n\n\n<h4 class=\"wp-block-heading\"><meta charset=\"utf-8\"><strong>ADHESION ANNUELLE ASSOCIATIVE 40&nbsp;\u20ac<\/strong>  <\/h4>\n\n\n\n<p><strong>Une seule adh\u00e9sion ASCEPL pour toutes les disciplines au sein de l\u2019association par personne<\/strong><\/p>\n\n\n\n<h4 class=\"wp-block-heading\">COTISATION ANNUELLE <\/h4>\n\n\n\n<ul class=\"wp-block-list\"><li><strong>Enfants<\/strong> (+ de 6\/ 12 ans): 370\u20ac\/an  <\/li><\/ul>\n\n\n\n<ul class=\"wp-block-list\"><li><strong>Adolescents <\/strong> (+ de 12 \/ 17 ans) <strong>:<\/strong>  400\u20ac\/an <\/li><\/ul>\n\n\n\n<ul class=\"wp-block-list\"><li><strong>Adultes<\/strong>  (18 ans et +) : 420\u20ac\/an <\/li><\/ul>\n\n\n\n<h4 class=\"wp-block-heading\">MODALIT\u00c9S D\u2019INSCRIPTION<\/h4>\n\n\n\n<p class=\"has-text-align-left\"><em>Tous les r\u00e8glements se font \u00e0 l\u2019ordre de<\/em>&nbsp;\u00ab&nbsp;ASCEPL&nbsp;\u00bb <\/p>\n\n\n\n<p><meta charset=\"utf-8\">Renseignements et r\u00e8glements aupr\u00e8s du professeur<\/p>\n\n\n\n<h4 class=\"wp-block-heading\"><strong>LICENCE FFKAMA<\/strong>\u00a0\u00a039,00<meta charset=\"utf-8\"><strong><strong>\u20ac<\/strong><\/strong><\/h4>\n\n\n\n<p>Aupr\u00e8s de M. Claude Harmant<\/p>\n\n\n\n<h4 class=\"wp-block-heading\">OBJET DE L\u2019ENSEIGNEMENT<\/h4>\n\n\n\n<p>Initiation<\/p>\n\n\n\n<p>Perfectionnement<\/p>\n\n\n\n<p>Pr\u00e9paration aux passages de grades&nbsp;: (de la ceinture blanche \u00e0 la ceinture noire)<\/p>\n\n\n\n<p>Pr\u00e9paration\n\u00e0 la comp\u00e9tition et participation aux comp\u00e9titions de la F\u00e9d\u00e9ration<\/p>\n\n\n\n<p>Karat\u00e9 loisir \/  Stages \u00e0 th\u00e8mes <\/p>\n\n\n\n<h4 class=\"wp-block-heading\"> <strong>Le certificat m\u00e9dical pour la pratique du karat\u00e9<\/strong>&nbsp;<\/h4>\n\n\n\n<p class=\"has-text-align-left\"> &#8211; obligatoire pour la premi\u00e8re adh\u00e9sion,<br> &#8211; obligatoire pour les comp\u00e9titeurs (valable une ann\u00e9e \u00e0 date anniversaire portant la mention :&nbsp;<strong><em>\u00ab Absence de contre-indication apparente \u00e0 la pratique du karat\u00e9 en comp\u00e9tition \u00bb<\/em><\/strong><br> &#8211; ou, si nous poss\u00e9dons d\u00e9j\u00e0 un certificat m\u00e9dical (valable trois ans maximum), vous pouvez nous signer une&nbsp;<strong>Attestation sant\u00e9<\/strong>&nbsp;stipulant que vous avez r\u00e9pondu par la n\u00e9gative \u00e0 toutes les rubriques du document Cerfa 15699*01  <\/p>\n\n\n<p align=\"center\">\n<a target=\"_blank\" href=\"http:\/\/ascepl.fr\/wordpress\/wp-content\/uploads\/2019\/07\/questionnaire_qs-sport.pdf\" rel=\"noopener noreferrer\"><br \/>\n<img loading=\"lazy\" decoding=\"async\" border=\"0\" src=\"http:\/\/ascepl.fr\/wordpress\/wp-content\/uploads\/2019\/07\/pdf1.jpg\" width=\"21\" height=\"21\">questionnaire-de-sant\u00e9<\/a><\/p>\n\n\n\n<div class=\"wp-block-image\"><figure class=\"aligncenter size-large is-resized\"><img loading=\"lazy\" decoding=\"async\" src=\"http:\/\/ascepl.fr\/wordpress\/wp-content\/uploads\/2019\/07\/martial-art-311021_1280-705x1024.png\" alt=\"\" class=\"wp-image-173\" width=\"108\" height=\"157\" srcset=\"https:\/\/ascepl.fr\/wordpress\/wp-content\/uploads\/2019\/07\/martial-art-311021_1280-705x1024.png 705w, https:\/\/ascepl.fr\/wordpress\/wp-content\/uploads\/2019\/07\/martial-art-311021_1280-206x300.png 206w, https:\/\/ascepl.fr\/wordpress\/wp-content\/uploads\/2019\/07\/martial-art-311021_1280-768x1116.png 768w, https:\/\/ascepl.fr\/wordpress\/wp-content\/uploads\/2019\/07\/martial-art-311021_1280.png 881w\" sizes=\"auto, (max-width: 108px) 100vw, 108px\" \/><\/figure><\/div>\n","protected":false},"excerpt":{"rendered":"<div class=\"mh-excerpt\"><p>SAISON 2025-2026 Reprise des cours Adultes le mercredi 03 septembre Reprise des cours Jeunes le mercredi 10 septembre LIEU DE PRATIQUE GYMNASE LEPIC \/ DURANTIN <a class=\"mh-excerpt-more\" href=\"https:\/\/ascepl.fr\/wordpress\/karate\/\" title=\"KARAT\u00c9\">[&#8230;]<\/a><\/p>\n<\/div>","protected":false},"author":1,"featured_media":0,"parent":0,"menu_order":0,"comment_status":"closed","ping_status":"closed","template":"","meta":{"footnotes":""},"class_list":["post-23","page","type-page","status-publish","hentry"],"_links":{"self":[{"href":"https:\/\/ascepl.fr\/wordpress\/wp-json\/wp\/v2\/pages\/23","targetHints":{"allow":["GET"]}}],"collection":[{"href":"https:\/\/ascepl.fr\/wordpress\/wp-json\/wp\/v2\/pages"}],"about":[{"href":"https:\/\/ascepl.fr\/wordpress\/wp-json\/wp\/v2\/types\/page"}],"author":[{"embeddable":true,"href":"https:\/\/ascepl.fr\/wordpress\/wp-json\/wp\/v2\/users\/1"}],"replies":[{"embeddable":true,"href":"https:\/\/ascepl.fr\/wordpress\/wp-json\/wp\/v2\/comments?post=23"}],"version-history":[{"count":59,"href":"https:\/\/ascepl.fr\/wordpress\/wp-json\/wp\/v2\/pages\/23\/revisions"}],"predecessor-version":[{"id":899,"href":"https:\/\/ascepl.fr\/wordpress\/wp-json\/wp\/v2\/pages\/23\/revisions\/899"}],"wp:attachment":[{"href":"https:\/\/ascepl.fr\/wordpress\/wp-json\/wp\/v2\/media?parent=23"}],"curies":[{"name":"wp","href":"https:\/\/api.w.org\/{rel}","templated":true}]}}